{"id":4307,"date":"2023-03-13T15:47:22","date_gmt":"2023-03-13T15:47:22","guid":{"rendered":"http:\/\/palatulnationalalcopiilor.ro\/?page_id=4307"},"modified":"2024-09-11T15:19:21","modified_gmt":"2024-09-11T15:19:21","slug":"structura","status":"publish","type":"page","link":"https:\/\/palatulnationalalcopiilor.ro\/?page_id=4307","title":{"rendered":"Ofert\u0103 Educa\u021bional\u0103"},"content":{"rendered":"<p>[vc_row][vc_column][\/vc_column][vc_column][vc_column_text]<\/p>\n<div class=\"wpb_text_column wpb_content_element \">\n<div class=\"wpb_wrapper\">\n<h4>Num\u0103rul de locuri r\u0103mase libere dup\u0103 etapa de re\u00eenscrieri<\/h4>\n<p>REVENIM cu num\u0103rul de locuri r\u0103mase libere dup\u0103 etapa de re\u00eenscrieri.<br \/>\n(<a href=\"https:\/\/palatulnationalalcopiilor.ro\/wp-content\/uploads\/2024\/09\/oferta-educationala-2024-2025-0.pdf\" target=\"_blank\" rel=\"noopener\">desc\u0103rcare .PDF<\/a>)<\/p>\n<p>V\u0103 reamintim zilele \u00een care au loc pre\u00eenscrierile (Palatul Na\u021bional al Copiilor din Bucure\u0219ti \u2013 intrare elevi) #lapalat:<\/p>\n<p><strong>Sec\u021bia Cultural-Artistic\u0103<\/strong><br \/>\n<strong>Luni 16 septembrie<\/strong><br \/>\n(interval orar 08:00-20:00)<\/p>\n<p><strong>Sec\u021bia Sport<\/strong><br \/>\n<strong>Mar\u021bi 17 septembrie<\/strong><br \/>\n(interval orar 09:00-20:00)<\/p>\n<p><strong>Sec\u021bia Tehnico-\u0218tiin\u021bific\u0103<\/strong><br \/>\n<strong>Miercuri 18 septembrie<\/strong><br \/>\n(interval orar 09:00-20:00)<\/p>\n<\/div>\n<\/div>\n<p>[\/vc_column_text][vc_row_inner][vc_column_inner width=&#8221;1\/2&#8243;][vc_single_image image=&#8221;7044&#8243; img_size=&#8221;full&#8221; alignment=&#8221;center&#8221; onclick=&#8221;link_image&#8221;][\/vc_column_inner][vc_column_inner width=&#8221;1\/2&#8243;][vc_single_image image=&#8221;7045&#8243; img_size=&#8221;full&#8221; alignment=&#8221;center&#8221; onclick=&#8221;link_image&#8221;][\/vc_column_inner][\/vc_row_inner][vc_zigzag][\/vc_column][\/vc_row][vc_row][vc_column width=&#8221;1\/4&#8243;][vc_single_image image=&#8221;5951&#8243; img_size=&#8221;full&#8221; alignment=&#8221;center&#8221; onclick=&#8221;img_link_large&#8221;][\/vc_column][vc_column width=&#8221;1\/4&#8243;][vc_single_image image=&#8221;5952&#8243; img_size=&#8221;full&#8221; alignment=&#8221;center&#8221; onclick=&#8221;img_link_large&#8221;][\/vc_column][vc_column width=&#8221;1\/2&#8243;][vc_column_text]<\/p>\n<h3 style=\"text-align: center;\"><span style=\"font-family: georgia, palatino, serif;\"><strong>Noi locuri disponibile \u00een anul \u0219colar 2023-2024<\/strong><\/span><\/h3>\n<h3 style=\"text-align: center;\"><span style=\"font-family: georgia, palatino, serif;\"><strong>\u00a0pentru 2 cercuri de balet nou \u00eenfiin\u021bate<\/strong><\/span><\/h3>\n<p style=\"text-align: center;\">Perioada de pre\u00eenscrieri:\u00a0<strong>16-17 noiembrie<\/strong> 2023(joi \u0219i vineri)<br \/>\n\u00een intervalul<strong> 09:00-19:00, \u00a0<\/strong>\u00een holul de la intrarea elevilor<br \/>\nNu ave\u021bi nevoie de documente pentru pre\u00eenscrierea la sediul PNCB.<br \/>\nPentru validarea \u00eenscrierii este obligatorie<strong> prezen\u021ba<\/strong> la prima \u00eent\u00e2lnire\/preselec\u021bie organizat\u0103 de c\u0103tre profesorii coordonatori.<br \/>\nLa aceast\u0103 \u00eent\u00e2lnire\/preselec\u021bie se vor completa <strong>fi\u0219ele de \u00eenscriere<\/strong> (CNP-ul copilului) \u0219i se va comunica <strong>orarul<\/strong>.<\/p>\n<p style=\"text-align: left;\"><strong><em>Detaliile legate despre <\/em><\/strong><strong><em>prima \u00eent\u00e2lnire\/preselec\u021bie <\/em><\/strong><strong><em>(<\/em><\/strong><strong><em>data, ora si locul) vor fi afi\u0219ate la \u00eenscrieri \u00een holul de la intrarea elevilor.<\/em><\/strong><\/p>\n<p>[\/vc_column_text][\/vc_column][\/vc_row][vc_row][vc_column][vc_zigzag][vc_row_inner][vc_column_inner width=&#8221;1\/2&#8243;][vc_column_text]<\/p>\n<h3 style=\"text-align: center;\"><b>\u00censcriere pentru ultimele locuri la Cercul Cultur\u0103 \u0219i civiliza\u021bie francez\u0103<\/b><\/h3>\n<div><b>\u00a0<\/b><\/div>\n<div>\n<h3 style=\"text-align: center;\"><span style=\"font-size: 14pt;\"><b>\u00a0 Modalitate de \u00eenscriere:<br \/>\n<\/b><\/span><\/h3>\n<h3 style=\"text-align: center;\"><span style=\"font-size: 14pt;\"><b>1. la telefon 0723307235<\/b><\/span><\/h3>\n<h3 style=\"text-align: center;\"><span style=\"font-size: 14pt;\"><b>2. prin email:\u00a0<a href=\"mailto:catsimion@gmail.com\" target=\"_blank\" rel=\"noopener\">catsimion@gmail.com<\/a><\/b><\/span><\/h3>\n<\/div>\n<h3><\/h3>\n<p>[\/vc_column_text][\/vc_column_inner][vc_column_inner width=&#8221;1\/2&#8243;][vc_single_image image=&#8221;5789&#8243; img_size=&#8221;medium&#8221; alignment=&#8221;center&#8221; onclick=&#8221;img_link_large&#8221; css=&#8221;.vc_custom_1698316411795{padding-top: 20px !important;}&#8221;][\/vc_column_inner][\/vc_row_inner][vc_row_inner][vc_column_inner][vc_zigzag][\/vc_column_inner][\/vc_row_inner][vc_column_text]<\/p>\n<h3 style=\"font-weight: 400; text-align: center;\"><strong>Locuri disponibile \u00een anul \u0219colar 2023-2024 la Palatul Na\u021bional al Copiilor din Bucure\u0219ti<\/strong><\/h3>\n<h3 style=\"font-weight: 400; text-align: center;\">Perioada de pre\u00eenscrieri\u00a0<strong>18-19 octombrie<\/strong>\u00a0(miercuri \u0219i joi)<\/h3>\n<h3 style=\"font-weight: 400; text-align: center;\">\u00een intervalul<strong>\u00a009:00-19:00\u00a0<\/strong>\u00een holul de la intrarea elevilor<\/h3>\n<ul>\n<li style=\"font-weight: 400;\">Nu ave\u021bi nevoie de documente pentru pre\u00eenscrierea la sediul PNCB.<\/li>\n<li style=\"font-weight: 400;\">Pentru validarea \u00eenscrierii este obligatorie<strong>\u00a0prezen\u021ba<\/strong>\u00a0la prima \u00eent\u00e2lnire\/\u0219edin\u021b\u0103 cu profesorii coordonatori.<\/li>\n<li style=\"font-weight: 400;\">La aceast\u0103 \u00eent\u00e2lnire\/\u0219edin\u021b\u0103 cu p\u0103rin\u021bii se vor completa\u00a0<strong>fi\u0219ele de \u00eenscriere<\/strong>\u00a0(CNP-ul copilului) \u0219i se va comunica\u00a0<strong>orarul<\/strong>.<\/li>\n<li style=\"font-weight: 400;\"><strong><em>Detaliile legate despre\u00a0Prima \u00eent\u00e2lnire\/\u0219edin\u021b\u0103\u00a0 a profesorului coordonator de cerc cu p\u0103rin\u021bii\u00a0(data, ora si locul) vor fi afi\u0219ate la \u00eenscrieri \u00een holul de la intrarea elevilor.<\/em><\/strong><\/li>\n<\/ul>\n<p>&nbsp;<\/p>\n<ul>\n<li style=\"font-weight: 400;\"><strong><span style=\"font-size: 14pt;\"><em>un copil se poate \u00eenscrie la mai multe cercuri<\/em><\/span><\/strong><\/li>\n<li style=\"font-weight: 400;\"><strong><span style=\"font-size: 14pt;\"><em>pentru cercurile sportive \u0219i alte cercuri care implic\u0103 efort fizic este necesar\u0103 adeverin\u021ba medical\u0103 eliberat\u0103 de medicul de familie\u00a0<\/em><\/span><\/strong><\/li>\n<\/ul>\n<p><em><strong>Bine de \u0219tiut!<\/strong><\/em><\/p>\n<p>&gt; \u00censcrierile se vor face \u00een limita locurilor disponibile, \u021bin\u00e2ndu-se cont \u0219i de num\u0103rul de copii re\u00eenscri\u0219i din anul \u0219colar anterior. Din acest motiv, \u00eenscrierile pentru unele cercuri se pot \u00eenchide \u00eenainte de ultima zi de \u00eenscrieri.<\/p>\n<p>&gt; \u00cen func\u021bie de specificul activit\u0103\u021bii cercului, exist\u0103 o v\u00e2rst\u0103 minim\u0103 admis\u0103 la fiecare.<\/p>\n<p>&gt; La unele activit\u0103\u021bi (\u00een special cele artistice \u0219i sportive) se fac preselec\u021bii \u00een vederea form\u0103rii grupelor dup\u0103 aptitudini \u0219i v\u00e2rst\u0103.<\/p>\n<p>&gt; La unele cercuri, \u00een afar\u0103 de datele personale ale copilului (CNP)*, este necesar si un aviz medical care s\u0103 ateste c\u0103 pre\u0219colarul\/elevul este apt pentru activit\u0103\u021bi care presupun efort fizic.<\/p>\n<p>*(CNP-ul este necesar pentru introducerea pre\u0219colarului \/elevului \u00een SIIIR \u2013 Sistemul Informatic Integrat al \u00cenv\u0103\u021b\u0103m\u00e2ntului din Rom\u00e2nia (dovada \u00eenscrierii, frecvent\u0103rii cursurilor, eliber\u0103rii adeverin\u021belor PNCB)<\/p>\n<p>Pentru confirmarea \u00eenscrierii trebuie s\u0103 v\u0103 prezenta\u021bi la prima \u0219edin\u021b\u0103 cu profesorii coordonatori. La aceast\u0103 \u00eent\u00e2lnire\/\u0219edin\u021b\u0103 a profesorului coordonator de cerc cu p\u0103rin\u021bii se vor completa fi\u0219ele de \u00eenscriere \u0219i se va comunica orarul.[\/vc_column_text][\/vc_column][\/vc_row][vc_row][vc_column][vc_column_text]<div class=\"_df_book df-lite\" id=\"df_5571\"  data-title=\"oferta-pncb-2023-2024\" _slug=\"oferta-pncb-2023-2024\" wpoptions=\"true\" thumbtype=\"bg\" ><p class=\"df-raw-loading\">Please wait while flipbook is loading. For more related info, FAQs and issues please refer to <a href=\"https:\/\/wordpress.org\/plugins\/3d-flipbook-dflip-lite\/#installation\">DearFlip WordPress Flipbook Plugin Help<\/a> documentation.<\/p><\/div><script class=\"df-shortcode-script\" type=\"application\/javascript\">window.option_df_5571 = {\"outline\":[],\"forceFit\":\"true\",\"autoEnableOutline\":\"false\",\"autoEnableThumbnail\":\"false\",\"overwritePDFOutline\":\"false\",\"direction\":\"1\",\"pageSize\":\"0\",\"source\":\"https:\\\/\\\/palatulnationalalcopiilor.ro\\\/wp-content\\\/uploads\\\/2023\\\/09\\\/ACTUALIZARE-DETALII-PRESELECTII-SEDINTA-_000-1.pdf\",\"wpOptions\":\"true\"}; if(window.DFLIP && window.DFLIP.parseBooks){window.DFLIP.parseBooks();}<\/script>[\/vc_column_text][\/vc_column][\/vc_row]<\/p>\n","protected":false},"excerpt":{"rendered":"<p>[vc_row][vc_column][\/vc_column][vc_column][vc_column_text] Num\u0103rul de locuri r\u0103mase libere dup\u0103 etapa de re\u00eenscrieri REVENIM cu num\u0103rul de locuri r\u0103mase libere dup\u0103 etapa de re\u00eenscrieri. (desc\u0103rcare .PDF) V\u0103 reamintim zilele \u00een care au loc pre\u00eenscrierile (Palatul Na\u021bional al Copiilor din Bucure\u0219ti \u2013 intrare elevi) #lapalat: Sec\u021bia Cultural-Artistic\u0103 Luni 16 septembrie (interval orar 08:00-20:00) Sec\u021bia Sport Mar\u021bi 17 septembrie (interval [&hellip;]<\/p>\n","protected":false},"author":1,"featured_media":0,"parent":0,"menu_order":0,"comment_status":"closed","ping_status":"closed","template":"","meta":{"footnotes":""},"class_list":["post-4307","page","type-page","status-publish","hentry"],"_links":{"self":[{"href":"https:\/\/palatulnationalalcopiilor.ro\/index.php?rest_route=\/wp\/v2\/pages\/4307","targetHints":{"allow":["GET"]}}],"collection":[{"href":"https:\/\/palatulnationalalcopiilor.ro\/index.php?rest_route=\/wp\/v2\/pages"}],"about":[{"href":"https:\/\/palatulnationalalcopiilor.ro\/index.php?rest_route=\/wp\/v2\/types\/page"}],"author":[{"embeddable":true,"href":"https:\/\/palatulnationalalcopiilor.ro\/index.php?rest_route=\/wp\/v2\/users\/1"}],"replies":[{"embeddable":true,"href":"https:\/\/palatulnationalalcopiilor.ro\/index.php?rest_route=%2Fwp%2Fv2%2Fcomments&post=4307"}],"version-history":[{"count":11,"href":"https:\/\/palatulnationalalcopiilor.ro\/index.php?rest_route=\/wp\/v2\/pages\/4307\/revisions"}],"predecessor-version":[{"id":7049,"href":"https:\/\/palatulnationalalcopiilor.ro\/index.php?rest_route=\/wp\/v2\/pages\/4307\/revisions\/7049"}],"wp:attachment":[{"href":"https:\/\/palatulnationalalcopiilor.ro\/index.php?rest_route=%2Fwp%2Fv2%2Fmedia&parent=4307"}],"curies":[{"name":"wp","href":"https:\/\/api.w.org\/{rel}","templated":true}]}}