{"id":6285,"date":"2024-01-23T14:42:18","date_gmt":"2024-01-23T14:42:18","guid":{"rendered":"https:\/\/palatulnationalalcopiilor.ro\/?page_id=6285"},"modified":"2024-02-01T09:08:04","modified_gmt":"2024-02-01T09:08:04","slug":"file-din-poveste","status":"publish","type":"page","link":"https:\/\/palatulnationalalcopiilor.ro\/?page_id=6285","title":{"rendered":"File din Poveste"},"content":{"rendered":"<p>[vc_row][vc_column width=&#8221;5\/6&#8243;][vc_column_text]<\/p>\n<p align=\"justify\">Poate c\u0103 mul\u021bi dintre locuitorii Capitalei au str\u0103b\u0103tut cu pa\u0219i len\u021bi, \u00eentr-o clip\u0103 de weekend sau o zi cald\u0103 de prim\u0103var\u0103, aleile Parcului Tineretului. Au observant atunci, cu uimire, c\u0103, la adresa Bulevardul Tineretului 8-10, se \u00eenal\u021b\u0103, m\u00e2ndr\u0103, o cl\u0103dire impozant\u0103, ce poate fi \u00eenconjurat\u0103 \u00een c\u00e2teva zeci de minute, cu multe intr\u0103ri \u0219i ferestre nenum\u0103rate. Unii c\u0103l\u0103tori se \u00eentreab\u0103 \u0219i ast\u0103zi cum a reu\u0219it s\u0103 supravie\u021buiasc\u0103 Palatul Pionierilor, inaugurat \u00een 1986, \u0219i cum s-a metamorfozat, \u00eenving\u00e2nd vremurile \u0219i obstacolele, \u00een Palatul Na\u021bional al Copiilor din Bucure\u0219ti.<\/p>\n<p>[\/vc_column_text][\/vc_column][vc_column width=&#8221;1\/6&#8243;][\/vc_column][\/vc_row][vc_row][vc_column width=&#8221;1\/6&#8243;][\/vc_column][vc_column width=&#8221;5\/6&#8243;][vc_column_text]<\/p>\n<p align=\"justify\">Ca director, \u00eencep\u00e2nd cu 1 septembrie 2023, am descoperit o cl\u0103dire vie prin trecutul \u0219i prezentul s\u0103u, c\u0103ci educa\u021bia nonformal\u0103 este \u00eenc\u0103 o competen\u021b\u0103 necesar\u0103 form\u0103rii \u0219i integr\u0103rii sociale, iar existen\u021ba unui num\u0103r de aproape 6000 de copii \u00eenscri\u0219i la Cercurile Palatului este un exemplu evident de p\u0103strare \u0219i rebranduire a valorilor autentice .<\/p>\n<p>[\/vc_column_text][\/vc_column][\/vc_row][vc_row][vc_column width=&#8221;5\/6&#8243;][vc_column_text]<\/p>\n<p align=\"justify\">Puterea acestei institu\u021bii const\u0103, mai ales, \u00een resursele sale: generozitatea spa\u021biilor \u00een care se desf\u0103\u0219oar\u0103 Cercurile \u0219i spectacolele, m\u0103iestria celor 67 de profesori \u00een ceea ce prive\u0219te procesul instruirii prin joc p\u00e2n\u0103 la performan\u021bele cunoscute la nivel na\u021bional \u0219i interna\u021bional, \u0219i, nu \u00een ultimul r\u00e2nd, sus\u021binerea personalului didactic auxiliar \u0219i nedidactic. Sunt 130 de angaja\u021bi care fac posibil\u0103, zi de zi, minunea \u00eent\u00e2lnirilor, dup\u0103 orele de \u0219coal\u0103, sub semnul z\u00e2mbetului, prieteniei, dorin\u021bei de afirmare a m\u0103re\u021biei ce se ascunde \u00een fiecare t\u00e2n\u0103r.<\/p>\n<p>[\/vc_column_text][\/vc_column][vc_column width=&#8221;1\/6&#8243;][\/vc_column][\/vc_row][vc_row][vc_column width=&#8221;1\/6&#8243;][\/vc_column][vc_column width=&#8221;5\/6&#8243;][vc_column_text]<\/p>\n<p align=\"justify\">Nu se poate ca un copil, ce viziteaz\u0103, la \u00eenceput de an \u0219colar, aceast\u0103 institu\u021bie, indiferent dac\u0103 are 5 ani sau 18 ani, s\u0103 nu g\u0103seasc\u0103 un motiv de a reveni \u0219i a se \u00eenscrie la un Cerc apropiat orizontului s\u0103u de a\u0219teptare. La Sec\u021bia cultural-artistic\u0103 sunt 37 de cercuri, la Sec\u021bia tehnic\u0103 &#8211; 14 cercuri, la Sec\u021bia sport \u2013 16 cercuri. Specializ\u0103rile sunt at\u00e2t de diferite, \u00eenc\u00e2t, se spune, c\u0103 orice copil este fericit aici. Consider c\u0103 este necesar s\u0103 enum\u0103r doar c\u00e2teva dintre disciplinele cuprinse \u00een oferta \u0219colar\u0103: balet, ceramic\u0103, muzic\u0103 clasic\u0103, u\u0219oar\u0103, instrumental\u0103, limbi str\u0103ine, fotografie \u0219i film, pictur\u0103, desen, teatru, educa\u021bie civic\u0103, jurnalism, baschet, gimnastic\u0103 sportiv\u0103, aerobic\u0103, \u0219ah, badminton, fotbal, arte mar\u021biale, dans sportiv, atletism, judo, orientare turistic\u0103, informatic\u0103, educa\u021bie rutier\u0103, automodele, radiocomunica\u021bii, chimie experimental\u0103, art\u0103 culinar\u0103, matematic\u0103, machete \u0219i construc\u021bii Lego, ecologie \u0219i protec\u021bia mediului \u0219.a.<\/p>\n<p>[\/vc_column_text][\/vc_column][\/vc_row][vc_row][vc_column width=&#8221;5\/6&#8243;][vc_column_text]<\/p>\n<p align=\"justify\">\u00cen basme, exist\u0103 palate de cle\u0219tar, \u00een care tr\u0103iesc \u00eemp\u0103ra\u021bi, \u00eemp\u0103r\u0103tese, slujitori, prin\u021bi, prin\u021bese, dar \u0219i zmei sau alte personaje negative. Palatul Na\u021bional al Copiilor din Bucure\u0219ti nu este din cle\u0219tar, dar are ziduri foarte solide, ad\u0103post antiatomic, rezervoare proprii de ap\u0103 \u00een caz de incendiu, generator electric care \u201e\u00eenfr\u00e2nge\u201d orice pan\u0103 de curent \u2026 Toate aceste \u201eatribute\u201d le-am descoperit \u00een timp, ca director, \u0219i am fost pl\u0103cut surprins\u0103 s\u0103 constat c\u0103 func\u021bioneaz\u0103 \u0219i, mai mult, au fost adaptate lumii contemporane. Bine\u00een\u021beles c\u0103 cele dou\u0103 s\u0103li de spectacol, una cu o capacitate de 750 de locuri, iar cealalt\u0103, cu o capacitate de 200 de locuri, au nevoie permanent\u0103 de \u00eembun\u0103t\u0103\u021biri, a\u0219a cum logistica cercurilor \u0219i chiar modernizarea unui num\u0103r mare de spa\u021bii din incint\u0103 ar fi un demers necesar \u0219i imperativ \u00een ceea ce prive\u0219te estetizarea acestei loca\u021bii de mare interes educa\u021bional.<\/p>\n<p>[\/vc_column_text][\/vc_column][vc_column width=&#8221;1\/6&#8243;][\/vc_column][\/vc_row][vc_row][vc_column width=&#8221;1\/6&#8243;][\/vc_column][vc_column width=&#8221;5\/6&#8243;][vc_column_text]<\/p>\n<p align=\"justify\"><span lang=\"RO\">Proiectele prin PNRR ale institu\u021biei au reu\u0219it s\u0103 atrag\u0103, numai \u00een ultimul an calendaristic, aproximativ 122.000 de euro destina\u021bi dot\u0103rilor s\u0103lilor de clas\u0103 \u0219i cabinetelor \u0219i \u00eenfiin\u021b\u0103rii unui Smart-Lab, iar cadrele didactice sunt implicate \u00een derularea a dou\u0103 proiecte Erasmus (buget 47.000 de euro), ce vizeaz\u0103 optimizarea competen\u021belor necesare pentru atingerea performan\u021belor \u00een educa\u021bia nonformal\u0103. Chiar \u00een aceast\u0103 perioad\u0103 sunt a\u0219teptate cu emo\u021bie rezultatele selec\u021biei proiectelor trimise la Ministerul Educa\u021biei pentru a fi implementate, pe termen scurt \u0219i mediu. Palatul Na\u021bional al Copiilor din Bucure\u0219ti a depus nu mai pu\u021bin de 14 proiecte na\u021bionale \u0219i regionale.<\/span><\/p>\n<p>[\/vc_column_text][\/vc_column][\/vc_row][vc_row][vc_column width=&#8221;5\/6&#8243;][vc_column_text]<\/p>\n<p align=\"justify\">\u0218i toate aceste eforturi ale celor care lucreaz\u0103 la Palatul Na\u021bional al Copiilor din Bucure\u0219ti, coroborate cu experien\u021ba, talentul, harul \u0219i dedica\u021bia dasc\u0103lilor, dar \u0219i a personalului tehnic, de la scen\u0103 p\u00e2n\u0103 la paz\u0103, se reflect\u0103 \u00een rezultatele de excep\u021bie ob\u021binute la concursuri \u0219i olimpiade regionale, na\u021bionale, interna\u021bionale. S\u0103 enumer\u0103m doar c\u00e2teva dintre ele: premiul I sau al II-lea la concursuri de dans \u0219i muzic\u0103 din Italia, Spania \u0219i Statele Unite, ob\u021binute de elevii cercurilor As, Dinamic \u0219i Meloritm; trofeul Festivalului Interna\u021bional <i>Ursule\u021bul de Aur<\/i>, medalie de bronz la <i>German Open<\/i> (dans sportiv); medalie de aur \u0219i argint la <i>Campionatul<\/i> <i>European de Karate<\/i>; locul V \u00een Europa \u0219i IX, la nivel mondial, la <i>Campionatul de<\/i> <i>telecomunica\u021bii<\/i>; men\u021biune special\u0103 \u00een cadrul <i>Expozi\u021biei Interna\u021bionale de Art\u0103 pentru Copii<\/i> <i>Lidice<\/i> \u0219i multe altele.<\/p>\n<p>[\/vc_column_text][\/vc_column][vc_column width=&#8221;1\/6&#8243;][\/vc_column][\/vc_row][vc_row][vc_column width=&#8221;1\/6&#8243;][\/vc_column][vc_column width=&#8221;5\/6&#8243;][vc_column_text]<\/p>\n<p align=\"justify\">Se \u00eent\u00e2mpl\u0103 at\u00e2tea lucruri frumoase la Palat, \u00eenc\u00e2t copil\u0103ria \u0219i adolescen\u021ba unor elevi se poate transforma \u00eentr-o \u201ev\u00e2rst\u0103 de aur\u201d, cum ar spune poetul latin Vergiliu. Aripile acestor copii, crescute \u00een interior din cauza v\u00e2rstei, personalit\u0103\u021bii, societ\u0103\u021bii, se deschid, cu siguran\u021b\u0103, spre autocunoa\u0219tere, stim\u0103 de sine, con\u0219tientiz\u00e2nd sentimentul c\u0103 pot ajunge, \u00eentr-o zi, personalit\u0103\u021bi care s\u0103 schimbe lumea \u00een bine. Reprezentan\u021bii Palatului pot fi \u00eent\u00e2lni\u021bi, deseori, impresion\u00e2nd prin talentul lor, la Prefectura Capitalei, la Guvern, la Parlament, \u00een deschiderea evenimentelor de la festivaluri interna\u021bionale, ambasade, sus\u021bin\u00e2nd lansarea revistelor, sprijinind copii cu dizabilit\u0103\u021bi fizice, sindromul Down, sau institu\u021bionaliza\u021bi, \u201ecolor\u00e2nd\u201d programul emisiunilor de la TVR, Antena, Rom\u00e2niaTV, ProTV, Etno TV, Trinitas, eviden\u021biindu-se la expozi\u021bii prin lucr\u0103rile expuse. E ca \u00een pove\u0219ti apoi, \u00ee\u0219i iau \u201eputerea\u201d de la Palat \u0219i pleac\u0103 \u00een lume, devenind \u00eenving\u0103tori.<\/p>\n<p>[\/vc_column_text][\/vc_column][\/vc_row][vc_row][vc_column width=&#8221;5\/6&#8243;][vc_column_text]<\/p>\n<p align=\"justify\">\u00cen calitate de manager, imi doresc ca aceast\u0103 institu\u021bie, prin programul ei \u00een regim gratuit, s\u0103 ofere o \u0219ans\u0103 tuturor copiilor, indiferent de condi\u021bia material\u0103 a familiei \u00een care s-au n\u0103scut sau de obstacolele pe care le \u00eent\u00e2lnesc \u00een drumul form\u0103rii lor. Cred cu putere c\u0103, dincolo de spa\u021biul \u0219colii, \u00eenv\u0103\u021barea durabil\u0103 trebuie s\u0103 completeze \u00een a\u0219a m\u0103sur\u0103 con\u021binuturile predate \u0219i asumate la clas\u0103, \u00eenc\u00e2t tinerii s\u0103 se poat\u0103 integra u\u0219or \u00een orice context social sau profesional. Nu \u00een ultimul r\u00e2nd, activitatea didactic\u0103 \u0219i scenic\u0103 de la Palatul Na\u021bional al Copiilor din Bucure\u0219ti este o alternativ\u0103 viabil\u0103 \u0219i de succes, dac\u0103 analiz\u0103m modalit\u0103\u021bile de a ne opune violen\u021bei, drogurilor, fumatului, depresiei \u0219i altor \u201eboli\u201d ale lumii \u00een care tr\u0103im. La Palatul Na\u021bional al Copiilor din Bucure\u0219ti exist\u0103 o continuitate \u00een toate sensurile: o istorie a performan\u021bei, dasc\u0103li foarte buni, elevi de ieri deveni\u021bi ast\u0103zi profesorii no\u0219tri, grupe de copii \u00eencep\u0103tori, care se transform\u0103 \u00een grupe de avansa\u021bi \u0219i de performan\u021b\u0103 \u2026 Chiar \u0219i multe dintre vedetele cunoscute \u00een spa\u021biul cultural-artistic rom\u00e2nesc se \u00eentorc, uneori, \u201eacas\u0103\u201d, adic\u0103 la Palatul Na\u021bional al Copiilor, pentru a deveni \u201emodelele vii\u201d \u0219i motiva\u021bii ca spectacolele din stagiunea Palatului s\u0103 ating\u0103 standarde profesioniste.<\/p>\n<p>[\/vc_column_text][\/vc_column][vc_column width=&#8221;1\/6&#8243;][\/vc_column][\/vc_row][vc_row][vc_column width=&#8221;1\/6&#8243;][\/vc_column][vc_column width=&#8221;5\/6&#8243;][vc_column_text]<\/p>\n<p align=\"justify\">Noi nu facem un secret din faptul c\u0103 se \u00eent\u00e2mpla foarte multe evenimente la Palat, prin urmare \u00eemp\u0103rt\u0103\u0219im cu drag tuturor reu\u0219itele \u0219i proiectele noastre pe site-ul www.palatulnationalalcopiilor.ro \u0219i pe adresa de Facebook, respectiv Instagram-Palatul Na\u021bional al Copiilor.<\/p>\n<p>[\/vc_column_text][\/vc_column][\/vc_row][vc_row][vc_column width=&#8221;5\/6&#8243;][vc_column_text]<\/p>\n<p align=\"justify\">Sper ca acest demers introductiv \u00een lumea Palatului Na\u021bional al Copiilor din Bucure\u0219ti s\u0103-i conving\u0103 pe cititorii revistei dumneavoastr\u0103 s\u0103 aib\u0103 \u00eencredere \u00een profesioni\u0219tii de AICI, care \u00ee\u0219i propun, zi de zi, s\u0103 consolideze toate reperele educa\u021bionale ce NE recomand\u0103. Mai mult, promitem s\u0103 schimb\u0103m \u00een bine, moderniz\u00e2nd \u0219i optimiz\u00e2nd \u00een continuare, at\u00e2t actul didactic, c\u00e2t \u0219i cel artistic \u0219i, de ce nu, \u201e chipul\u201d acestei cl\u0103diri, care a \u0219tiut s\u0103 c\u00e2\u0219tige b\u0103t\u0103lia cu timpul \u0219i istoria\u2026<\/p>\n<p align=\"left\">\u201e\u00cenainte mult mai este, ca-n poveste&#8230;\u201d<\/p>\n<p style=\"text-align: center;\" align=\"left\">Prof. Dr. Teodora Bentz,<\/p>\n<p style=\"text-align: center;\" align=\"left\"><a name=\"_gjdgxs\"><\/a> Director al Palatului Na\u021bional al Copiilor din Bucure\u0219ti<\/p>\n<p>[\/vc_column_text][\/vc_column][vc_column width=&#8221;1\/6&#8243;][\/vc_column][\/vc_row]<\/p>\n","protected":false},"excerpt":{"rendered":"<p>[vc_row][vc_column width=&#8221;5\/6&#8243;][vc_column_text] Poate c\u0103 mul\u021bi dintre locuitorii Capitalei au str\u0103b\u0103tut cu pa\u0219i len\u021bi, \u00eentr-o clip\u0103 de weekend sau o zi cald\u0103 de prim\u0103var\u0103, aleile Parcului Tineretului. Au observant atunci, cu uimire, c\u0103, la adresa Bulevardul Tineretului 8-10, se \u00eenal\u021b\u0103, m\u00e2ndr\u0103, o cl\u0103dire impozant\u0103, ce poate fi \u00eenconjurat\u0103 \u00een c\u00e2teva zeci de minute, cu multe intr\u0103ri [&hellip;]<\/p>\n","protected":false},"author":1,"featured_media":0,"parent":0,"menu_order":0,"comment_status":"closed","ping_status":"closed","template":"","meta":{"footnotes":""},"class_list":["post-6285","page","type-page","status-publish","hentry"],"_links":{"self":[{"href":"https:\/\/palatulnationalalcopiilor.ro\/index.php?rest_route=\/wp\/v2\/pages\/6285","targetHints":{"allow":["GET"]}}],"collection":[{"href":"https:\/\/palatulnationalalcopiilor.ro\/index.php?rest_route=\/wp\/v2\/pages"}],"about":[{"href":"https:\/\/palatulnationalalcopiilor.ro\/index.php?rest_route=\/wp\/v2\/types\/page"}],"author":[{"embeddable":true,"href":"https:\/\/palatulnationalalcopiilor.ro\/index.php?rest_route=\/wp\/v2\/users\/1"}],"replies":[{"embeddable":true,"href":"https:\/\/palatulnationalalcopiilor.ro\/index.php?rest_route=%2Fwp%2Fv2%2Fcomments&post=6285"}],"version-history":[{"count":4,"href":"https:\/\/palatulnationalalcopiilor.ro\/index.php?rest_route=\/wp\/v2\/pages\/6285\/revisions"}],"predecessor-version":[{"id":6294,"href":"https:\/\/palatulnationalalcopiilor.ro\/index.php?rest_route=\/wp\/v2\/pages\/6285\/revisions\/6294"}],"wp:attachment":[{"href":"https:\/\/palatulnationalalcopiilor.ro\/index.php?rest_route=%2Fwp%2Fv2%2Fmedia&parent=6285"}],"curies":[{"name":"wp","href":"https:\/\/api.w.org\/{rel}","templated":true}]}}